{"id":448225,"date":"2013-11-01T09:57:27","date_gmt":"2013-11-01T09:57:27","guid":{"rendered":"https:\/\/2013.porto.wordcamp.org\/?page_id=448225"},"modified":"2013-11-01T09:58:41","modified_gmt":"2013-11-01T09:58:41","slug":"oradores-confirmados","status":"publish","type":"page","link":"https:\/\/porto.wordcamp.org\/2013\/oradores-confirmados\/","title":{"rendered":"Oradores"},"content":{"rendered":"\n\t\t<div class=\"cpt-loop speaker-gravatar-list clearfix\">\n\t\t\t<p>\n\t\t\t\t\t\t\t<a href='#americo-dias' title='Am\u00e9rico Dias'><img alt='' src='https:\/\/secure.gravatar.com\/avatar\/4dd15ed1055ad39ad09fd47f68df91f9436896e983064062b2c1dfa588d2ed96?s=48&#038;d=mm&#038;r=g' srcset='https:\/\/secure.gravatar.com\/avatar\/4dd15ed1055ad39ad09fd47f68df91f9436896e983064062b2c1dfa588d2ed96?s=96&#038;d=mm&#038;r=g 2x' class='avatar avatar-48 photo' height='48' width='48' \/><\/a>\t\t\t\t\t\t\t<a href='#ana-aires' title='Ana Aires'><img alt='' src='https:\/\/secure.gravatar.com\/avatar\/3cbfe5070e88ff658b8d61d31d6b5b692043a76657f5ddc11d4a068ca0d36a8a?s=48&#038;d=mm&#038;r=g' srcset='https:\/\/secure.gravatar.com\/avatar\/3cbfe5070e88ff658b8d61d31d6b5b692043a76657f5ddc11d4a068ca0d36a8a?s=96&#038;d=mm&#038;r=g 2x' class='avatar avatar-48 photo' height='48' width='48' \/><\/a>\t\t\t\t\t\t\t<a href='#ana-couto' title='Ana Couto'><img alt='' src='https:\/\/secure.gravatar.com\/avatar\/fc2b309c5fae97cfe9981f2f4b4a8140f2339639962a85a36e3cae53840945d0?s=48&#038;d=mm&#038;r=g' srcset='https:\/\/secure.gravatar.com\/avatar\/fc2b309c5fae97cfe9981f2f4b4a8140f2339639962a85a36e3cae53840945d0?s=96&#038;d=mm&#038;r=g 2x' class='avatar avatar-48 photo' height='48' width='48' \/><\/a>\t\t\t\t\t\t\t<a href='#ana-neves' title='Ana Neves'><img alt='' src='https:\/\/secure.gravatar.com\/avatar\/76d3f416a5f9989cc8fe3308f7890cb6d1a1d4f493cd45b2e3d4874f28081ff1?s=48&#038;d=mm&#038;r=g' srcset='https:\/\/secure.gravatar.com\/avatar\/76d3f416a5f9989cc8fe3308f7890cb6d1a1d4f493cd45b2e3d4874f28081ff1?s=96&#038;d=mm&#038;r=g 2x' class='avatar avatar-48 photo' height='48' width='48' \/><\/a>\t\t\t\t\t\t\t<a href='#andrea-rota' title='Andrea Rota'><img alt='' src='https:\/\/secure.gravatar.com\/avatar\/6c1353f591b10081cbd46d0ed567032dbead02ecaef89da4f5ac0dd7154eb4da?s=48&#038;d=mm&#038;r=g' srcset='https:\/\/secure.gravatar.com\/avatar\/6c1353f591b10081cbd46d0ed567032dbead02ecaef89da4f5ac0dd7154eb4da?s=96&#038;d=mm&#038;r=g 2x' class='avatar avatar-48 photo' height='48' width='48' \/><\/a>\t\t\t\t\t\t\t<a href='#daniel-kanchev' title='Daniel Kanchev'><img alt='' src='https:\/\/secure.gravatar.com\/avatar\/db1688f78113efa55d388ac17ba57f01b8f53d0e72f12bb6d8ab3f1d33135100?s=48&#038;d=mm&#038;r=g' srcset='https:\/\/secure.gravatar.com\/avatar\/db1688f78113efa55d388ac17ba57f01b8f53d0e72f12bb6d8ab3f1d33135100?s=96&#038;d=mm&#038;r=g 2x' class='avatar avatar-48 photo' height='48' width='48' \/><\/a>\t\t\t\t\t\t\t<a href='#hugo-baeta' title='Hugo Baeta'><img alt='' src='https:\/\/secure.gravatar.com\/avatar\/593b5018bc29853137ad3c94c6e0294ac50130fcc7fa42ddbeacb9672645b2ef?s=48&#038;d=mm&#038;r=g' srcset='https:\/\/secure.gravatar.com\/avatar\/593b5018bc29853137ad3c94c6e0294ac50130fcc7fa42ddbeacb9672645b2ef?s=96&#038;d=mm&#038;r=g 2x' class='avatar avatar-48 photo' height='48' width='48' \/><\/a>\t\t\t\t\t\t\t<a href='#hugo-fernandes' title='Hugo Fernandes'><img alt='' src='https:\/\/secure.gravatar.com\/avatar\/37a8a29edc08ff6f1d8cc0fd44d0e84ccb6334961b210958af70729034608c08?s=48&#038;d=mm&#038;r=g' srcset='https:\/\/secure.gravatar.com\/avatar\/37a8a29edc08ff6f1d8cc0fd44d0e84ccb6334961b210958af70729034608c08?s=96&#038;d=mm&#038;r=g 2x' class='avatar avatar-48 photo' height='48' width='48' \/><\/a>\t\t\t\t\t\t\t<a href='#mario-peshev' title='Mario Peshev'><img alt='' src='https:\/\/secure.gravatar.com\/avatar\/ff33a35fe15dcb7997509cfe7857811a230841f3214e9bd7f7ad4d617c083a2a?s=48&#038;d=mm&#038;r=g' srcset='https:\/\/secure.gravatar.com\/avatar\/ff33a35fe15dcb7997509cfe7857811a230841f3214e9bd7f7ad4d617c083a2a?s=96&#038;d=mm&#038;r=g 2x' class='avatar avatar-48 photo' height='48' width='48' \/><\/a>\t\t\t\t\t\t\t<a href='#pedro-fonseca' title='Pedro Fonseca'><img alt='' src='https:\/\/secure.gravatar.com\/avatar\/4b74cbe93bf983ec8754602e9870161d43804d754048baea1e39affb51ab64c3?s=48&#038;d=mm&#038;r=g' srcset='https:\/\/secure.gravatar.com\/avatar\/4b74cbe93bf983ec8754602e9870161d43804d754048baea1e39affb51ab64c3?s=96&#038;d=mm&#038;r=g 2x' class='avatar avatar-48 photo' height='48' width='48' \/><\/a>\t\t\t\t\t\t\t<a href='#siobhan-mckeown' title='Siobhan McKeown'><img alt='' src='https:\/\/secure.gravatar.com\/avatar\/78e12b0e0fd945bd7d661af2b0ca95c1509d09a7a1f528ded21bbd604192c662?s=48&#038;d=mm&#038;r=g' srcset='https:\/\/secure.gravatar.com\/avatar\/78e12b0e0fd945bd7d661af2b0ca95c1509d09a7a1f528ded21bbd604192c662?s=96&#038;d=mm&#038;r=g 2x' class='avatar avatar-48 photo' height='48' width='48' \/><\/a>\t\t\t\t\t\t\t<a href='#vasco-leiria' title='Vasco Leiria'><img alt='' src='https:\/\/secure.gravatar.com\/avatar\/8488e0a482a77d6f4b9de7e42a488dd901bc88dc3c5e4332dfbebafdf44bcf9f?s=48&#038;d=mm&#038;r=g' srcset='https:\/\/secure.gravatar.com\/avatar\/8488e0a482a77d6f4b9de7e42a488dd901bc88dc3c5e4332dfbebafdf44bcf9f?s=96&#038;d=mm&#038;r=g 2x' class='avatar avatar-48 photo' height='48' width='48' \/><\/a>\t\t\t\t\t\t\t<a href='#ze-fontainhas' title='Z\u00e9 Fontainhas'><img alt='' src='https:\/\/secure.gravatar.com\/avatar\/d71843bd2670ce03308e7ab56b82febe090a6cfb9944e81657bd619a4756d50f?s=48&#038;d=mm&#038;r=g' srcset='https:\/\/secure.gravatar.com\/avatar\/d71843bd2670ce03308e7ab56b82febe090a6cfb9944e81657bd619a4756d50f?s=96&#038;d=mm&#038;r=g 2x' class='avatar avatar-48 photo' height='48' width='48' \/><\/a>\t\t\t\t\t\t<\/p>\n\t\t<\/div>\n\n\t\t\t\t\n\t\t<div class=\"cpt-loop speakers\">\n\t\t\t<div class=\"grid_6 alpha\">\n\n\t\t\t\t\n\t\t\t\t\t\n\t\t\t\t\t<div id=\"americo-dias\" class=\"speaker clearfix odd post-372824 wcb_speaker type-wcb_speaker status-publish hentry\" >\n\t\t\t\t\t\t<h3 class=\"entry-title speaker-name\">Am\u00e9rico Dias<\/h3>\n\t\t\t\t\t\t<div class=\"entry-content speaker-bio\">\n\t\t\t\t\t\t<img alt='' src='https:\/\/secure.gravatar.com\/avatar\/4dd15ed1055ad39ad09fd47f68df91f9436896e983064062b2c1dfa588d2ed96?s=102&#038;d=mm&#038;r=g' srcset='https:\/\/secure.gravatar.com\/avatar\/4dd15ed1055ad39ad09fd47f68df91f9436896e983064062b2c1dfa588d2ed96?s=204&#038;d=mm&#038;r=g 2x' class='avatar avatar-102 photo' height='102' width='102' \/><p>Am\u00e9rico Dias tem 31 anos e h\u00e1 quem diga que a Comunidade Portuguesa de WordPress come\u00e7ou com ele. Ele prefere dizer que foi &#8216;apenas&#8217; co-fundador.<\/p>\n<p>\u00c9 um apaixonado pela Internet e pelo WordPress em particular. Essa paix\u00e3o levou-o a passar muitas horas a traduzir a melhor plataforma do mundo para a nossa linguagem. E a debater-se com muitas d\u00favidas.<\/p>\n<p>No entanto, a sua maior paix\u00e3o \u00e9 a sua mulher, para al\u00e9m de tamb\u00e9m gostar de tecnologia, electr\u00f3nica e fotografia.<\/p>\n<p>Na sua apresenta\u00e7\u00e3o ir\u00e1 falar da funda\u00e7\u00e3o da Comunidade Portuguesa de WordPress, dos principais desafios iniciais e da sua evolu\u00e7\u00e3o.<\/p>\n\t\t\t\t\t\t<\/div>\n\t\t\t\t\t<\/div>\n\t\t\t\t\n\t\t\t\t\t\n\t\t\t\t\t<div id=\"ana-aires\" class=\"speaker clearfix even post-356400 wcb_speaker type-wcb_speaker status-publish hentry\" >\n\t\t\t\t\t\t<h3 class=\"entry-title speaker-name\">Ana Aires<\/h3>\n\t\t\t\t\t\t<div class=\"entry-content speaker-bio\">\n\t\t\t\t\t\t<img alt='' src='https:\/\/secure.gravatar.com\/avatar\/3cbfe5070e88ff658b8d61d31d6b5b692043a76657f5ddc11d4a068ca0d36a8a?s=102&#038;d=mm&#038;r=g' srcset='https:\/\/secure.gravatar.com\/avatar\/3cbfe5070e88ff658b8d61d31d6b5b692043a76657f5ddc11d4a068ca0d36a8a?s=204&#038;d=mm&#038;r=g 2x' class='avatar avatar-102 photo' height='102' width='102' \/><p>Ana Aires \u00e9 co-fundadora da WidgiLabs, uma empresa portuguesa especializada em desenvolvimento WordPress. Gosta particularmente de escrever c\u00f3digo e \u00e9 apaixonada pela arquitectura modular do WordPress. Esteve envolvida na organiza\u00e7\u00e3o dos anteriores WordCamps Lisboa assim como no recente WordCamp Europa.<\/p>\n<p>N\u00e3o gosta de super her\u00f3is e acha que o mundo era um s\u00edtio melhor se n\u00e3o existissem filmes em que c\u00e3es falam. J\u00e1 sobre filmes com porquinhos a falar n\u00e3o nos disse nada mas \u00e9 prov\u00e1vel que tamb\u00e9m n\u00e3o seja f\u00e3.<\/p>\n\t\t\t\t\t\t<\/div>\n\t\t\t\t\t<\/div>\n\t\t\t\t\n\t\t\t\t\t\n\t\t\t\t\t<div id=\"ana-couto\" class=\"speaker clearfix odd post-419084 wcb_speaker type-wcb_speaker status-publish hentry\" >\n\t\t\t\t\t\t<h3 class=\"entry-title speaker-name\">Ana Couto<\/h3>\n\t\t\t\t\t\t<div class=\"entry-content speaker-bio\">\n\t\t\t\t\t\t<img alt='' src='https:\/\/secure.gravatar.com\/avatar\/fc2b309c5fae97cfe9981f2f4b4a8140f2339639962a85a36e3cae53840945d0?s=102&#038;d=mm&#038;r=g' srcset='https:\/\/secure.gravatar.com\/avatar\/fc2b309c5fae97cfe9981f2f4b4a8140f2339639962a85a36e3cae53840945d0?s=204&#038;d=mm&#038;r=g 2x' class='avatar avatar-102 photo' height='102' width='102' \/><p>Ana come\u00e7ou como programadora freelance em desenvolvimento de sites e aplica\u00e7\u00f5es web. Deu os primeiros passos com WordPress em 2010 e nunca mais largou.<\/p>\n<p>Este percurso levou-a a come\u00e7ar a trabalhar na OnTheGoSystems onde presentemente \u00e9 web developer.<\/p>\n<p>Sempre que consegue arranjar tempo gosta de praticar escalada desportiva e correr. Presentemente vive em Lisboa.<\/p>\n\t\t\t\t\t\t<\/div>\n\t\t\t\t\t<\/div>\n\t\t\t\t\n\t\t\t\t\t\n\t\t\t\t\t<div id=\"ana-neves\" class=\"speaker clearfix even post-348791 wcb_speaker type-wcb_speaker status-publish hentry\" >\n\t\t\t\t\t\t<h3 class=\"entry-title speaker-name\">Ana Neves<\/h3>\n\t\t\t\t\t\t<div class=\"entry-content speaker-bio\">\n\t\t\t\t\t\t<img alt='' src='https:\/\/secure.gravatar.com\/avatar\/76d3f416a5f9989cc8fe3308f7890cb6d1a1d4f493cd45b2e3d4874f28081ff1?s=102&#038;d=mm&#038;r=g' srcset='https:\/\/secure.gravatar.com\/avatar\/76d3f416a5f9989cc8fe3308f7890cb6d1a1d4f493cd45b2e3d4874f28081ff1?s=204&#038;d=mm&#038;r=g 2x' class='avatar avatar-102 photo' height='102' width='102' \/><p>Ana Neves anda, pelas organiza\u00e7\u00f5es que a chamam, a espalhar os seus conhecimentos sobre &#8216;knowledge management&#8217;, redes sociais e ferramentas sociais.<\/p>\n<p>Para o WordCamp Porto 2013 prop\u00f5e &#8220;Destruir para construir&#8221;. Contextualizando, a ideia \u00e9 como tirar partido do WordPress para &#8220;desconstruir&#8221; grandes blocos de conte\u00fado, como relat\u00f3rios de estudos ou os &#8220;findings&#8221; de projetos, em pequenos posts que podem depois ser combinados de diferentes formas gra\u00e7as \u00e0 pesquisa, aos filtros &#8211; por categoria e tag -, e por navega\u00e7\u00e3o &#8220;casual&#8221; gra\u00e7as aos artigos relacionados.<\/p>\n<p>Ana Neves salienta que esta &#8220;constru\u00e7\u00e3o&#8221; pode estar na origem de momentos &#8220;eureka&#8221; e de constru\u00e7\u00e3o de novos conhecimentos.<\/p>\n<p>\u00c9 formada em Engenharia Inform\u00e1tica e adora programar. Vai da\u00ed, deixou a Inform\u00e1tica de lado, deixou de programar, e foi fazer outras coisas\u2026 Diz que tamb\u00e9m adora. Decidiu trabalhar com as organiza\u00e7\u00f5es para melhorar a forma como criam, partilham e usam conhecimento.<\/p>\n<p>Em 2001 criou um site sobre estes temas: <a href=\"http:\/\/kmol.online.pt\/\" target=\"_blank\">KMOL.<\/a> Depois criou uma empresa de consultoria nesta \u00e1rea, a <a href=\"http:\/\/knowman.pt\" target=\"_blank\">Knowman<\/a>. E emigrou para Londres. Durante oito anos e meio foi &#8216;Cultural Change Manager&#8217; num grande banco, &#8216;Knowledge Network Manager&#8217; no Minist\u00e9rio da Sa\u00fade brit\u00e2nico, e &#8216;Senior Consultant&#8217; na Headshift.<\/p>\n<p>Regressou a terras lusitanas em 2009 e dedica-se \u00e0 consultoria em gest\u00e3o de conhecimento, redes sociais e ferramentas sociais. Ah, e \u00e0 cidadania 2.0.<\/p>\n<p>E onde entra aqui o WordPress. Afirma que n\u00e3o vende, n\u00e3o respira e n\u00e3o idolatra o WordPress. Mas v\u00ea o WordPress como a ferramenta que tem dado corpo \u00e0 presen\u00e7a digital de muitos dos seus projetos.<\/p>\n<p>Na sua apresenta\u00e7\u00e3o &#8220;Destruir para construir&#8221; promete mostrar como tem experimentado dividir grandes blocos de conte\u00fado para que sejam &#8220;montados&#8221;, por cada pessoa, de diferentes formas, criando janelas distintas sobre o conte\u00fado, revelando novo conhecimento, servindo de gatilho para novas ideias.<\/p>\n\t\t\t\t\t\t<\/div>\n\t\t\t\t\t<\/div>\n\t\t\t\t\n\t\t\t\t\t\n\t\t\t\t\t<div id=\"andrea-rota\" class=\"speaker clearfix odd post-419080 wcb_speaker type-wcb_speaker status-publish hentry\" >\n\t\t\t\t\t\t<h3 class=\"entry-title speaker-name\">Andrea Rota<\/h3>\n\t\t\t\t\t\t<div class=\"entry-content speaker-bio\">\n\t\t\t\t\t\t<img alt='' src='https:\/\/secure.gravatar.com\/avatar\/6c1353f591b10081cbd46d0ed567032dbead02ecaef89da4f5ac0dd7154eb4da?s=102&#038;d=mm&#038;r=g' srcset='https:\/\/secure.gravatar.com\/avatar\/6c1353f591b10081cbd46d0ed567032dbead02ecaef89da4f5ac0dd7154eb4da?s=204&#038;d=mm&#038;r=g 2x' class='avatar avatar-102 photo' height='102' width='102' \/><p>Andrea Rota \u00e9 co-fundador da [Xelera](<a href=\"http:\/\/xelera.eu\/\" target=\"_blank\">http:\/\/xelera.eu\/<\/a>), al\u00e9m de ser<br \/>\ninvestigador e desenvolvedor na [LSE Cities](<a href=\"http:\/\/lsecities.net\/\" target=\"_blank\">http:\/\/lsecities.net\/<\/a>).<\/p>\n<p>Como desenvolvedor web e consultor DevOps (Development+Operations) trabalha exclusivamente com software livre e de c\u00f3digo aberto e em projetos de \u00e2mbito social e ambiental.<\/p>\n<p>Admite que passou a juventude \u00e0 espera da Web e gostaria de ter sido o autor dessa cita\u00e7\u00e3o t\u00e3o brilhante em vez de ter que a plagiar de Jeremy Keith.<\/p>\n<p>\u00c9 &#8216;tripeiro&#8217; por afinidade e acima de tudo gosta de viajar com a sua mulher por destinos tranquilos e longe da civiliza\u00e7\u00e3o.<\/p>\n<p>Ao WordCamp Porto vem falar de \u201cWordPress Tapas: tasty small recipes for delightful development\u201d.<\/p>\n\t\t\t\t\t\t<\/div>\n\t\t\t\t\t<\/div>\n\t\t\t\t\n\t\t\t\t\t\n\t\t\t\t\t<div id=\"daniel-kanchev\" class=\"speaker clearfix even post-418553 wcb_speaker type-wcb_speaker status-publish hentry\" >\n\t\t\t\t\t\t<h3 class=\"entry-title speaker-name\">Daniel Kanchev<\/h3>\n\t\t\t\t\t\t<div class=\"entry-content speaker-bio\">\n\t\t\t\t\t\t<img alt='' src='https:\/\/secure.gravatar.com\/avatar\/db1688f78113efa55d388ac17ba57f01b8f53d0e72f12bb6d8ab3f1d33135100?s=102&#038;d=mm&#038;r=g' srcset='https:\/\/secure.gravatar.com\/avatar\/db1688f78113efa55d388ac17ba57f01b8f53d0e72f12bb6d8ab3f1d33135100?s=204&#038;d=mm&#038;r=g 2x' class='avatar avatar-102 photo' height='102' width='102' \/><p>Daniel Kanchev \u00e9 b\u00falgaro e \u00e9 o Senior Web Apps Engineer and Performance Specialist na <a href=\"http:\/\/siteground.com\/\" target=\"_blank\">SiteGround.com<\/a>.<\/p>\n<p>Chegou \u00e0 empresa h\u00e1 cinco anos para ser membro da equipa de suporte mas os seus conhecimentos avan\u00e7ados sobre tecnologias, o seus esp\u00edrito geek e uma assumida paix\u00e3o pelas apps Open Source levaram-no \u00e0 posi\u00e7\u00e3o de engenheiro s\u00e9nior de Web Apps.<\/p>\n<p>Hoje trabalha com tudo o que \u00e9 Open Source, sendo que o WordPress \u00e9 uma das suas paix\u00f5es. Com sete anos de experi\u00eancia nesta plataforma, acompanha em detalhe o seu desenvolvimento. Integra funcionalidades WordPress para os clientes da empresa, trabalhou no desenvolvimento de um plugin de cache, escreveu diversos tutoriais e ainda arranja tempo para apoiar clientes nos seus sites WordPress.<\/p>\n<p>Quando n\u00e3o est\u00e1 a trabalhar, pratica desportos radicais e viaja pelo mundo.<\/p>\n<p>No WordCamp Porto vem falar sobre seguran\u00e7a.<\/p>\n\t\t\t\t\t\t<\/div>\n\t\t\t\t\t<\/div>\n\t\t\t\t\n\t\t\t\t\t\n\t\t\t\t\t<div id=\"hugo-baeta\" class=\"speaker clearfix odd post-380338 wcb_speaker type-wcb_speaker status-publish hentry\" >\n\t\t\t\t\t\t<h3 class=\"entry-title speaker-name\">Hugo Baeta<\/h3>\n\t\t\t\t\t\t<div class=\"entry-content speaker-bio\">\n\t\t\t\t\t\t<img alt='' src='https:\/\/secure.gravatar.com\/avatar\/593b5018bc29853137ad3c94c6e0294ac50130fcc7fa42ddbeacb9672645b2ef?s=102&#038;d=mm&#038;r=g' srcset='https:\/\/secure.gravatar.com\/avatar\/593b5018bc29853137ad3c94c6e0294ac50130fcc7fa42ddbeacb9672645b2ef?s=204&#038;d=mm&#038;r=g 2x' class='avatar avatar-102 photo' height='102' width='102' \/><p>Hugo Baeta \u00e9 designer de interac\u00e7\u00e3o &#8211; com foco em design de interfaces e experi\u00eancia de utilizador. Trabalha na sua empresa de sonho: a Automattic, empresa por tr\u00e1s da plataforma WordPress.com. Diz ter o privil\u00e9gio de trabalhar lado a lado com algumas das pessoas mais inteligentes que j\u00e1 conheceu. Neste momento integra a equipa de desenvolvimento de aplica\u00e7\u00f5es m\u00f3veis WordPress &#8211; tendo feito direc\u00e7\u00e3o de arte para a recente actualiza\u00e7\u00e3o para o iOS 7.<\/p>\n<p>Nascido e criado em Lisboa, reside agora em S\u00e3o Francisco, Calif\u00f3rnia, EUA.<\/p>\n<p>Junto com o Z\u00e9 Fontainhas, foi parte do renascimento da Comunidade Portuguesa de WordPress, e co-organizou o primeiro WordCamp em Portugal &#8211; Lisboa 2011.<\/p>\n<p>A estrutura de dados, conte\u00fados e arquitectura de informa\u00e7\u00e3o do WordPress ser\u00e1 o tema central da sua apresenta\u00e7\u00e3o no WordCamp Porto.<\/p>\n\t\t\t\t\t\t<\/div>\n\t\t\t\t\t<\/div>\n\t\t\t\t\n\t\t\t\t\t<\/div><div class=\"grid_6 omega\">\n\t\t\t\t\t<div id=\"hugo-fernandes\" class=\"speaker clearfix even post-360370 wcb_speaker type-wcb_speaker status-publish hentry\" >\n\t\t\t\t\t\t<h3 class=\"entry-title speaker-name\">Hugo Fernandes<\/h3>\n\t\t\t\t\t\t<div class=\"entry-content speaker-bio\">\n\t\t\t\t\t\t<img alt='' src='https:\/\/secure.gravatar.com\/avatar\/37a8a29edc08ff6f1d8cc0fd44d0e84ccb6334961b210958af70729034608c08?s=102&#038;d=mm&#038;r=g' srcset='https:\/\/secure.gravatar.com\/avatar\/37a8a29edc08ff6f1d8cc0fd44d0e84ccb6334961b210958af70729034608c08?s=204&#038;d=mm&#038;r=g 2x' class='avatar avatar-102 photo' height='102' width='102' \/><p>Hugo Fernandes, Interactive Designer\u00a0e\u00a0Creative Technologist, promete muito para o WordCamp Porto 2013. Vejamos: na sua candidatura prop\u00f4s um \u201cHello Ideas 2.0\u2033, visando dar continuidade \u00e0 apresenta\u00e7\u00e3o que fez no WordCamp Lisboa 2012.<\/p>\n<p>Mais. Pretende arriscar num \u201cquase workshop de psicologia e criatividade\u201d. Vai desafiar a audi\u00eancia a fazer exerc\u00edcios pr\u00e1ticos para colocar em pr\u00e1tica alguns conceitos em torno dos processos criativos.<\/p>\n<p>Afinal, \u00e9 um apaixonado pela interactividade, pela web, e gosta de juntar design e programa\u00e7\u00e3o.<\/p>\n\t\t\t\t\t\t<\/div>\n\t\t\t\t\t<\/div>\n\t\t\t\t\n\t\t\t\t\t\n\t\t\t\t\t<div id=\"mario-peshev\" class=\"speaker clearfix odd post-296939 wcb_speaker type-wcb_speaker status-publish hentry\" >\n\t\t\t\t\t\t<h3 class=\"entry-title speaker-name\">Mario Peshev<\/h3>\n\t\t\t\t\t\t<div class=\"entry-content speaker-bio\">\n\t\t\t\t\t\t<img alt='' src='https:\/\/secure.gravatar.com\/avatar\/ff33a35fe15dcb7997509cfe7857811a230841f3214e9bd7f7ad4d617c083a2a?s=102&#038;d=mm&#038;r=g' srcset='https:\/\/secure.gravatar.com\/avatar\/ff33a35fe15dcb7997509cfe7857811a230841f3214e9bd7f7ad4d617c083a2a?s=204&#038;d=mm&#038;r=g 2x' class='avatar avatar-102 photo' height='102' width='102' \/><p>Mario Peshev est\u00e1 habituado \u00e0s teclas. Come\u00e7ou a tocar piano aos 6 anos. O gosto pela m\u00fasica prolonga-se pela vida. Quando come\u00e7ou a tocar em bandas experimentou outros instrumentos e \u00e9 o orgulhoso propriet\u00e1rio de uma guitarra ac\u00fastica e um baixo. Actualmente toca acorde\u00e3o, outro instrumento de teclas.<\/p>\n<p>N\u00e3o ser\u00e1 para fazer uso dos teclados musicais que vai subir ao palco do WordCamp do Porto em Novembro. <a href=\"http:\/\/peshev.net\/\u200e\" target=\"_blank\">Mario Peshev<\/a> tem outras especialidades. \u00c9 um reconhecido especialista e consultor do mundo WordPress.<\/p>\n<p>N\u00e3o \u00e9 dif\u00edcil encontrar artigos de Peshev em blogs relacionados com WordPress.<\/p>\n<p>\u00c9 um activo apoiante de tecnologia Open Source, tendo investidos muitos anos em desenvolvimento de Java, PHP e Python, em cima do bom e velho Linux.<\/p>\n<p>Mario desenvolve plugins para clientes, faz migra\u00e7\u00f5es de conte\u00fados web para WordPress. APIs ou plugins poderiam ser o seu nome do meio.<\/p>\n<p>Mario Peshev mora em Sofia, capital da Bulg\u00e1ria, e o Porto ser\u00e1 o seu primeiro contacto com Portugal. O mais perto que esteve foi em Espanha.<\/p>\n<p>Bem-vindo a Portugal.<\/p>\n<p>**<\/p>\n<p>Mario Peshev is accustomed to keyboards. He began playing piano at 6. His passion for music continues throughout life. When he started playing in bands tried other instruments and is a proud owner of an acoustic guitar and a bass. Currently plays the accordion. Another instrument with keys.<br \/>\nBut he will not make use of musical keyboards when he takes WordCamp Porto stage next November. Mario Peshev has other specialties. It\u2019s a recognized expert and consultant in the WordPress world.<br \/>\nIt\u2019s not hard to find Peshev\u00b4s post in WordPress related blogs.<\/p>\n<p>It is an active supporter of Open Source technology, having invested many years in developing Java, PHP and Python, on top of good old Linux.<br \/>\nMario develops plugins for clients, makes migration of web content to WordPress. APIs or plugins could be is middle name.<br \/>\nMario Peshev lives in Sofia, capital of Bulgaria. Porto will be his first contact with Portugal. The closest he came was Spain.<br \/>\nWelcome to Portugal.<\/p>\n\t\t\t\t\t\t<\/div>\n\t\t\t\t\t<\/div>\n\t\t\t\t\n\t\t\t\t\t\n\t\t\t\t\t<div id=\"pedro-fonseca\" class=\"speaker clearfix even post-419082 wcb_speaker type-wcb_speaker status-publish hentry\" >\n\t\t\t\t\t\t<h3 class=\"entry-title speaker-name\">Pedro Fonseca<\/h3>\n\t\t\t\t\t\t<div class=\"entry-content speaker-bio\">\n\t\t\t\t\t\t<img alt='' src='https:\/\/secure.gravatar.com\/avatar\/4b74cbe93bf983ec8754602e9870161d43804d754048baea1e39affb51ab64c3?s=102&#038;d=mm&#038;r=g' srcset='https:\/\/secure.gravatar.com\/avatar\/4b74cbe93bf983ec8754602e9870161d43804d754048baea1e39affb51ab64c3?s=204&#038;d=mm&#038;r=g 2x' class='avatar avatar-102 photo' height='102' width='102' \/><p>Criou o seu primeiro espa\u00e7o usando o WordPress no final de 2006. J\u00e1 tinha experimentado outras ferramentas e plataformas de publica\u00e7\u00e3o mas quando chegou ao WordPress deu-se o &#8216;click&#8217;, uma esp\u00e9cie de amor \u00e0 primeira vista.<\/p>\n<p>Desde ent\u00e3o tem sido &#8216;aquele amigo&#8217; que ajuda a criar os sites dos amigos.<\/p>\n<p>A vida profissional andou, entretanto, por outros terrenos, ligados \u00e0 sa\u00fade e \u00e0s tecnologias para este sector vital. Sempre com o WordPress como companheiro.<\/p>\n<p>Agora vai adicionar parceiros e clientes aos amigos a quem convencia a usar este CMS. Desta forma o hobby come\u00e7ou a invadir o terreno profissional.<\/p>\n<p>Participou no Meetup WordPress do Porto, este ano, e agora no WordCamp Porto 2013 vai falar sobre o WordPress como ferramenta essencial para as PMEs. Das vantagens, das dificuldades, dos preconceitos e do processo de implementa\u00e7\u00e3o.<\/p>\n\t\t\t\t\t\t<\/div>\n\t\t\t\t\t<\/div>\n\t\t\t\t\n\t\t\t\t\t\n\t\t\t\t\t<div id=\"siobhan-mckeown\" class=\"speaker clearfix odd post-361037 wcb_speaker type-wcb_speaker status-publish hentry\" >\n\t\t\t\t\t\t<h3 class=\"entry-title speaker-name\">Siobhan McKeown<\/h3>\n\t\t\t\t\t\t<div class=\"entry-content speaker-bio\">\n\t\t\t\t\t\t<img alt='' src='https:\/\/secure.gravatar.com\/avatar\/78e12b0e0fd945bd7d661af2b0ca95c1509d09a7a1f528ded21bbd604192c662?s=102&#038;d=mm&#038;r=g' srcset='https:\/\/secure.gravatar.com\/avatar\/78e12b0e0fd945bd7d661af2b0ca95c1509d09a7a1f528ded21bbd604192c662?s=204&#038;d=mm&#038;r=g 2x' class='avatar avatar-102 photo' height='102' width='102' \/><p>Est\u00e3o a ver aquela cena de Marilyn Monroe com a saia esvoa\u00e7ante num movimento provocado pelas sa\u00eddas de ar do metro de Nova Iorque? Se n\u00e3o est\u00e3o, deviam. Est\u00e1 em \u201cO pecado mora ao lado\u201d. O t\u00edtulo original \u00e9 \u201cThe Seven Year Itch\u201d. \u00c9 acerca daquela coisa da crise do casamento depois de sete anos de uni\u00e3o. Traduzido \u00e0 letra significa \u2018a comich\u00e3o dos sete anos\u2019.<\/p>\n<p>O que \u00e9 que isto tem a ver com o WordPress? Quase nada. A n\u00e3o ser que Siobhan McKeown vem ao WordCamp do Porto falar sobre \u201cWordPress and the Ten Year Itch\u201d.<\/p>\n<p>Depois de ter celebrado 10 anos em Maio, e deixado muita comich\u00e3o para tr\u00e1s, o WordPress est\u00e1 a entrar numa nova fase. \u00c9 sobre essa coceira que Siobhan nos vai falar.<\/p>\n<p>Promete levar-nos numa viagem ao passado em busca das primeiras comich\u00f5es causadas pelo WordPress at\u00e9 se ter tornado contagioso e ajudado a resolver os problemas de muitas pessoas em todo o mundo.<\/p>\n<p>Siobhan McKeown trabalha para a Audrey Capital, empresa de Matt Mullenweg, escreve sobre o WordPress, e lida com documenta\u00e7\u00e3o. Consta que tem pesadelos sobre o Codex. Est\u00e1 agora a trabalhar num livro, de c\u00f3digo aberto, claro, sobre a hist\u00f3ria deste CMS.<\/p>\n<p>Depois de passar os dias \u00e0s voltas com quest\u00f5es dos programadores e dos membros da comunidade e a dar conta da documenta\u00e7\u00e3o do WordPress, ainda escreve e edita material para a Smashing Magazine. Dizem dela que \u00e9 uma criadora de caos. Parece que tem um gato preto.<strong><\/strong><\/p>\n\t\t\t\t\t\t<\/div>\n\t\t\t\t\t<\/div>\n\t\t\t\t\n\t\t\t\t\t\n\t\t\t\t\t<div id=\"vasco-leiria\" class=\"speaker clearfix even post-433505 wcb_speaker type-wcb_speaker status-publish hentry\" >\n\t\t\t\t\t\t<h3 class=\"entry-title speaker-name\">Vasco Leiria<\/h3>\n\t\t\t\t\t\t<div class=\"entry-content speaker-bio\">\n\t\t\t\t\t\t<img alt='' src='https:\/\/secure.gravatar.com\/avatar\/8488e0a482a77d6f4b9de7e42a488dd901bc88dc3c5e4332dfbebafdf44bcf9f?s=102&#038;d=mm&#038;r=g' srcset='https:\/\/secure.gravatar.com\/avatar\/8488e0a482a77d6f4b9de7e42a488dd901bc88dc3c5e4332dfbebafdf44bcf9f?s=204&#038;d=mm&#038;r=g 2x' class='avatar avatar-102 photo' height='102' width='102' \/><p>Faz parte da gera\u00e7\u00e3o ZX Spectrum. Frequentou o primeiro curso de programa\u00e7\u00e3o atrav\u00e9s do InforJovem e aos 14 anos aprendeu pseudo-c\u00f3digo.<\/p>\n<p>Coordena o departamento de inform\u00e1tica do maior agrupamento de centros de sa\u00fade do pa\u00eds e o dia-a-dia \u00e9 passado entre pesquisa e troubleshooting.<\/p>\n<p>Defensor do Open Source, est\u00e1 envolvido num projecto para convers\u00e3o de servidores e postos de trabalho para ambiente Linux, onde o WordPress tem um papel fundamental.<\/p>\n<p>Jogador de longa data de RPG pen &amp; paper, n\u00e3o dispensa\u00a0no entanto\u00a0as consolas port\u00e1teis ou de sala.<\/p>\n<p>Adora cinema e s\u00e9ries, principalmente de fic\u00e7\u00e3o cientifica, Simpsons e Family Guy, e tamb\u00e9m gosta de ler, especialmente\u00a0Edgar Alan Poe e Philip K.Dick.<\/p>\n<p>F\u00e3 de Marillion e Simple Minds. Quando ningu\u00e9m est\u00e1 a olhar, esconde-se atr\u00e1s da bateria.<\/p>\n<p>No WordCamp Porto vai arriscar a matem\u00e1tica: Open Source + Portal = WordPress<\/p>\n\t\t\t\t\t\t<\/div>\n\t\t\t\t\t<\/div>\n\t\t\t\t\n\t\t\t\t\t\n\t\t\t\t\t<div id=\"ze-fontainhas\" class=\"speaker clearfix odd post-410717 wcb_speaker type-wcb_speaker status-publish hentry\" >\n\t\t\t\t\t\t<h3 class=\"entry-title speaker-name\">Z\u00e9 Fontainhas<\/h3>\n\t\t\t\t\t\t<div class=\"entry-content speaker-bio\">\n\t\t\t\t\t\t<img alt='' src='https:\/\/secure.gravatar.com\/avatar\/d71843bd2670ce03308e7ab56b82febe090a6cfb9944e81657bd619a4756d50f?s=102&#038;d=mm&#038;r=g' srcset='https:\/\/secure.gravatar.com\/avatar\/d71843bd2670ce03308e7ab56b82febe090a6cfb9944e81657bd619a4756d50f?s=204&#038;d=mm&#038;r=g 2x' class='avatar avatar-102 photo' height='102' width='102' \/><p>O mundo da Internet e do WordPress conhece-o por Z\u00e9 Fontainhas. Nada tem a ver com a hist\u00f3rica zona do Porto que se reparte pela S\u00e9 e pelo Bonfim.<\/p>\n<p>Vive perto de Lisboa, junto \u00e0 praia. Toca <a href=\"http:\/\/filhoperdido.com\/\">bateria <\/a>nas horas vagas. Que n\u00e3o devem ser muitas. Sobretudo nos \u00faltimos meses, nos quais esteve imerso na miss\u00e3o de organizar o WordCamp Europa.<\/p>\n<p>\u00c9 um dos fundadores da Comunidade Portuguesa de WordPress e da Comunidade Brasileira WordPress. \u00c9 o <em>community lead<\/em> das <a href=\"http:\/\/wppolyglots.wordpress.com\">comunidades de tradu\u00e7\u00e3o do WordPress<\/a> para mais de 90 idiomas e <em>core developer<\/em> da plataforma <a href=\"http:\/\/glotpress.org\">GlotPress.<\/a><\/p>\n<p>Diz estar \u00e0 disposi\u00e7\u00e3o de todos para perguntas relacionadas com localiza\u00e7\u00e3o e internacionaliza\u00e7\u00e3o. Est\u00e1 ainda pronto a esclarecer d\u00favidas sobre uma certa receita de <a href=\"http:\/\/ze.fontainhas.com\/2010\/12\/23\/the-dry-martini-postulate\/\">dry martinis<\/a>.<\/p>\n<p>Z\u00e9 Fontainhas \u00e9 orador confirmado no WordCamp do Porto, onde vai, sobretudo, abordar o presente e os desafios futuro da <a href=\"http:\/\/wp-portugal.com\/\" target=\"_blank\">Comunidade Portuguesa de WordPress<\/a>.<\/p>\n\t\t\t\t\t\t<\/div>\n\t\t\t\t\t<\/div>\n\t\t\t\t\n\t\t\t<\/div>\n\t\t<\/div>\n\n\t\t\n","protected":false},"excerpt":{"rendered":"","protected":false},"author":113620,"featured_media":0,"parent":0,"menu_order":0,"comment_status":"closed","ping_status":"open","template":"","meta":{"_crdt_document":"","jetpack_post_was_ever_published":false,"footnotes":""},"class_list":["post-448225","page","type-page","status-publish","hentry"],"jetpack_sharing_enabled":true,"jetpack_shortlink":"https:\/\/wp.me\/P3pPTH-1SBr","_links":{"self":[{"href":"https:\/\/porto.wordcamp.org\/2013\/wp-json\/wp\/v2\/pages\/448225","targetHints":{"allow":["GET"]}}],"collection":[{"href":"https:\/\/porto.wordcamp.org\/2013\/wp-json\/wp\/v2\/pages"}],"about":[{"href":"https:\/\/porto.wordcamp.org\/2013\/wp-json\/wp\/v2\/types\/page"}],"author":[{"embeddable":true,"href":"https:\/\/porto.wordcamp.org\/2013\/wp-json\/wp\/v2\/users\/113620"}],"replies":[{"embeddable":true,"href":"https:\/\/porto.wordcamp.org\/2013\/wp-json\/wp\/v2\/comments?post=448225"}],"version-history":[{"count":1,"href":"https:\/\/porto.wordcamp.org\/2013\/wp-json\/wp\/v2\/pages\/448225\/revisions"}],"predecessor-version":[{"id":448226,"href":"https:\/\/porto.wordcamp.org\/2013\/wp-json\/wp\/v2\/pages\/448225\/revisions\/448226"}],"wp:attachment":[{"href":"https:\/\/porto.wordcamp.org\/2013\/wp-json\/wp\/v2\/media?parent=448225"}],"curies":[{"name":"wp","href":"https:\/\/api.w.org\/{rel}","templated":true}]}}