{"id":467978,"date":"2013-11-06T16:43:04","date_gmt":"2013-11-06T16:43:04","guid":{"rendered":"https:\/\/2013.porto.wordcamp.org\/?page_id=467978"},"modified":"2013-11-06T16:43:04","modified_gmt":"2013-11-06T16:43:04","slug":"guia-do-wordcamp","status":"publish","type":"page","link":"https:\/\/porto.wordcamp.org\/2013\/guia-do-wordcamp\/","title":{"rendered":"Guia do WordCamp"},"content":{"rendered":"<p><a href=\"https:\/\/2013.porto.wordcamp.org\/wordcamp-guide\/\" target=\"_blank\">English version<\/a><\/p>\n<p>Queremos que seja o vosso WordCamp. Que possam desfrutar ao m\u00e1ximo de tudo aquilo que se passar no evento. Que aprendam, que ensinem, que inspirem e sejam inspirados, que deixem alguma algumas doses de criatividade e levem outras tantas.<\/p>\n<p>O WordCamp \u00e9 da Comunidade WordPress e essa somos todos n\u00f3s. Quer seja um especialistas e para quem o WordPress quase n\u00e3o tem segredos quer esteja ainda a tentar perceber o que \u00e9 isto.<\/p>\n<p>O WordCamp Porto foi organizado por pessoas que fazem parte desta comunidade. N\u00e3o foi por uma equipa organizadora de eventos. Foi por um conjunto de volunt\u00e1rios que decidiram oferecer muito do seu tempo contribuindo para a cria\u00e7\u00e3o desta iniciativa.<\/p>\n<p>Nesta fase contamos ainda mais com a tua ajuda. Sobretudo nestas pr\u00f3xima etapas: Antes, durante e depois do WordCamp.<\/p>\n<h2>Antes e durante<\/h2>\n<p>Divulga o WordCamp at\u00e9 n\u00e3o poderes mais. No teu blog, site, no Facebook, no Twitter, no Pinterest, no LinkedIn, no YouTube, Vimeo, Flickr, onde achares melhor.<\/p>\n<p><strong>Utiliza sempre a hashtag #wordcampporto<\/strong><\/p>\n<p>Os nossos links oficiais s\u00e3o estes:<\/p>\n<p>Website &#8211; <a href=\"https:\/\/2013.porto.wordcamp.org\/\">https:\/\/2013.porto.wordcamp.org\/<\/a><\/p>\n<p>Website da Comunidade Portuguesa de WordPress &#8211; <a href=\"http:\/\/wp-portugal.com\/\">http:\/\/wp-portugal.com\/<\/a><\/p>\n<p>Twitter &#8211; <a href=\"http:\/\/twitter.com\/WordCampPT\">http:\/\/twitter.com\/WordCampPT<\/a><\/p>\n<p>Facebook da Comunidade Portuguesa de WordPress &#8211; <a href=\"http:\/\/www.facebook.com\/WordPressPortugal\">http:\/\/www.facebook.com\/WordPressPortugal<\/a><\/p>\n<h2><a href=\"https:\/\/2013.porto.wordcamp.org\/files\/2013\/11\/ISEP_edE_pequeno.jpg\"><img loading=\"lazy\" decoding=\"async\" class=\"alignnone size-medium wp-image-470628\" alt=\"ISEP_edE_pequeno\" src=\"https:\/\/2013.porto.wordcamp.org\/files\/2013\/11\/ISEP_edE_pequeno-300x200.jpg\" width=\"300\" height=\"200\" srcset=\"https:\/\/porto.wordcamp.org\/2013\/files\/2013\/11\/ISEP_edE_pequeno-300x200.jpg 300w, https:\/\/porto.wordcamp.org\/2013\/files\/2013\/11\/ISEP_edE_pequeno-1024x682.jpg 1024w, https:\/\/porto.wordcamp.org\/2013\/files\/2013\/11\/ISEP_edE_pequeno.jpg 1404w\" sizes=\"auto, (max-width: 300px) 100vw, 300px\" \/><\/a><\/h2>\n<h2>Durante<\/h2>\n<p><strong>Como chegar ao ISEP<\/strong><\/p>\n<p>O Centro de Congressos ISEP disp\u00f5e de excelentes condi\u00e7\u00f5es para o WordCamp e tem uma localiza\u00e7\u00e3o excepcional, seja para quem reside na \u00e1rea do Porto ou para quem chega de fora.<\/p>\n<p>Est\u00e1 localizado na zona do P\u00f3lo Universit\u00e1rio do Porto.<\/p>\n<p>\u00c9 de f\u00e1cil acesso por estrada, atrav\u00e9s da VCI, A3 e Circunvala\u00e7\u00e3o. De metro, basta apanhar a linha D (Linha Amarela) e sair na esta\u00e7\u00e3o IPO. Depois \u00e9 uma caminhada de cinco minutos (o mesmo temo necess\u00e1rio para instalar o WordPress).<\/p>\n<p>Se preferir os autocarros da STCP pode usar as linhas 300, 301, 603 e 803, todas com paragem no ISEP.<\/p>\n<p>Haver\u00e1 lugares dispon\u00edveis no parque de estacionamento do ISEP mas s\u00e3o limitados. No entanto, quer s\u00e1bado, quer domingo, n\u00e3o haver\u00e1 grandes dificuldades para estacionar nos arruamentos em redor.<\/p>\n<h3>Metro<\/h3>\n<p>Linha D \u2013 Amarela<\/p>\n<p>Hospital de S. Jo\u00e3o \u2013 Santo Ov\u00eddio<\/p>\n<p>Esta\u00e7\u00e3o IPO<\/p>\n<h3>STCP<\/h3>\n<p>300 | Aliados &gt; Hospital de S. Jo\u00e3o<\/p>\n<p>301 | S\u00e1 da Bandeira &gt; Hospital de S. Jo\u00e3o<\/p>\n<p>603 | Marqu\u00eas &gt; Maia<\/p>\n<p>803 | Boavista &gt; Venda Nova<\/p>\n<h3>Coordenadas GPS<\/h3>\n<p>41\u00ba10\u201941.97\u2019\u2019 N | 8\u00ba36\u201924.69\u201d W<\/p>\n<h3>Mapa do Google<\/h3>\n<div class=\"googlemaps\">\n\t\t\t\t<iframe loading=\"lazy\" width=\"425\" height=\"350\" frameborder=\"0\" scrolling=\"no\" marginheight=\"0\" marginwidth=\"0\"  src=\"https:\/\/maps.google.com\/maps?q=ISEP,%20Rua%20S\u00e3o%20Tom\u00e9,%20Porto,%20Portugal&#038;hl=pt-PT&#038;ie=UTF8&#038;sll=37.0625,-95.677068&#038;sspn=42.716829,61.962891&#038;oq=ISEP,%20&#038;t=h&#038;ll=41.177862,-8.608292&#038;spn=0.016797,0.032015&#038;output=embed\"><\/iframe>\n\t\t\t<\/div>\n<p><strong>Acredita\u00e7\u00e3o<\/strong><\/p>\n<p>O processo de acredita\u00e7\u00e3o ser\u00e1 feito na \u00e1rea do secretariado no Edif\u00edcio E do ISEP, junto do Audit\u00f3rio E, onde ser\u00e1 o primeiro dia do WordCamp. Leve uma identifica\u00e7\u00e3o consigo e, se quiser, o email que recebeu ap\u00f3s a inscri\u00e7\u00e3o. N\u00e3o h\u00e1 um bilhete f\u00edsico ou electr\u00f3nico. Temos para ti uma fita, um badge identificativo e uma t-shirt. Talvez haja mais qualquer coisa mas n\u00e3o fazemos promessas que n\u00e3o podemos cumprir.<\/p>\n<p><a href=\"https:\/\/2013.porto.wordcamp.org\/files\/2013\/11\/Edificio-E.jpg\"><img loading=\"lazy\" decoding=\"async\" class=\"alignnone size-medium wp-image-461633\" alt=\"Edificio E\" src=\"https:\/\/2013.porto.wordcamp.org\/files\/2013\/11\/Edificio-E-300x127.jpg\" width=\"300\" height=\"127\" srcset=\"https:\/\/porto.wordcamp.org\/2013\/files\/2013\/11\/Edificio-E-300x127.jpg 300w, https:\/\/porto.wordcamp.org\/2013\/files\/2013\/11\/Edificio-E.jpg 500w\" sizes=\"auto, (max-width: 300px) 100vw, 300px\" \/><\/a><\/p>\n<p><strong>Audit\u00f3rio<\/strong><\/p>\n<p>Vamos ent\u00e3o a alguns detalhes. O primeiro dia do WordCamp tem a sua base no Edif\u00edcio E, com epicentro no Audit\u00f3rio E. Tem 188 lugares, 225 metros quadrados de \u00e1rea, palco com 48 metros quadrados, rede de internet sem fios, sistema de ilumina\u00e7\u00e3o progressiva, ecr\u00e3 de grandes dimens\u00f5es, climatiza\u00e7\u00e3o e os equipamentos necess\u00e1rios para um evento como o WordCamp.<\/p>\n<p>Ao lado est\u00e1 uma sala de refei\u00e7\u00f5es, onde ser\u00e3o servidos os indispens\u00e1veis caf\u00e9s nos momentos de pausa.<\/p>\n<p><a href=\"https:\/\/2013.porto.wordcamp.org\/files\/2013\/11\/ISEP-audit\u00f3rio.jpg\"><img loading=\"lazy\" decoding=\"async\" class=\"alignnone size-medium wp-image-461632\" alt=\"ISEP audit\u00f3rio\" src=\"https:\/\/2013.porto.wordcamp.org\/files\/2013\/11\/ISEP-audit\u00f3rio-300x199.jpg\" width=\"300\" height=\"199\" srcset=\"https:\/\/porto.wordcamp.org\/2013\/files\/2013\/11\/ISEP-audit\u00f3rio-300x199.jpg 300w, https:\/\/porto.wordcamp.org\/2013\/files\/2013\/11\/ISEP-audit\u00f3rio.jpg 500w\" sizes=\"auto, (max-width: 300px) 100vw, 300px\" \/><\/a><\/p>\n<p><strong>Wi-Fi<\/strong><\/p>\n<p>O ISEP est\u00e1 servido por uma excelente rede de internet sem fios que cede ao participantes do WordCamp.<\/p>\n<p><strong>V\u00eddeo<\/strong><\/p>\n<p>O WordCamp ser\u00e1 gravado e as apresenta\u00e7\u00f5es ser\u00e3o posteriormente colocadas online no site oficial. Durante e no final do evento ser\u00e3o realizadas algumas entrevistas curtas aos participantes. Servir\u00e3o para promover o evento, a Comunidade Portuguesa de WordPress e, ao mesmo tempo, recolher opini\u00e3o. Colabora com os nossos volunt\u00e1rios.<\/p>\n<p><strong>Apresenta\u00e7\u00f5es<\/strong><\/p>\n<p>Cada orador tem 20 minutos para a apresenta\u00e7\u00e3o, seguindo-se mais 10 minutos para as perguntas e respostas da audi\u00eancia. Se n\u00e3o conseguires colocar a tua d\u00favida ao orador em causa, n\u00e3o te preocupes. Podes tentar esclarecer a quest\u00e3o nos intervalos, na festa ou, mais tarde, atrav\u00e9s dos contactos que o orador ir\u00e1 disponibilizar.<\/p>\n<p><strong>Intervalos<\/strong><\/p>\n<p>Al\u00e9m da pausa para almo\u00e7o, est\u00e3o definidos dois momentos de coffe break, um durante a manh\u00e3 e outro \u00e0 tarde, cada um de 30 minutos de dura\u00e7\u00e3o.<\/p>\n<p><strong>Almo\u00e7o<\/strong><\/p>\n<p>O almo\u00e7o ser\u00e1 no restaurante do ISEP. A ementa inclui carne e peixe ou um prato destinado aos vegetarianos que o pediram.<\/p>\n<p><strong>Fim<\/strong><\/p>\n<p>Durante a sess\u00e3o de encerramento ser\u00e3o sorteadas as eventuais ofertas que os patrocinadores fizeram. Se o teu nome for chamado e n\u00e3o estiveres presente, o pr\u00e9mio \u00e9 atribu\u00eddo a outra pessoa. A organiza\u00e7\u00e3o e o <em>staff<\/em> est\u00e3o exclu\u00eddos da lista de potenciais sorteados.<\/p>\n<p>Ser\u00e1 ainda feita a tradicional foto de fam\u00edlia do evento.<\/p>\n<p><strong>Festa<\/strong><\/p>\n<p>A after-party ser\u00e1 no espa\u00e7o de interven\u00e7\u00e3o cultural Maus H\u00e1bitos, no centro da cidade, junto ao Coliseu do Porto. Na Rua Passos Manuel, 178, 4\u00ba. Para poderes aceder \u00e0 \u00e1rea do WordCamp, faz-te acompanhar do badge.<\/p>\n<p>A festa \u00e9 mais um momento de partilha, embora num estilo diferente, ainda mais descontra\u00eddo. Participa.<\/p>\n<p><a href=\"https:\/\/2013.porto.wordcamp.org\/files\/2013\/11\/mhspace_05.jpg\"><img loading=\"lazy\" decoding=\"async\" class=\"alignnone size-medium wp-image-448445\" alt=\"mhspace_05\" src=\"https:\/\/2013.porto.wordcamp.org\/files\/2013\/11\/mhspace_05-300x200.jpg\" width=\"300\" height=\"200\" srcset=\"https:\/\/porto.wordcamp.org\/2013\/files\/2013\/11\/mhspace_05-300x200.jpg 300w, https:\/\/porto.wordcamp.org\/2013\/files\/2013\/11\/mhspace_05.jpg 900w\" sizes=\"auto, (max-width: 300px) 100vw, 300px\" \/><\/a><\/p>\n<p><strong>HackDay<\/strong><\/p>\n<p>O segundo dia, o Hackday, vai decorrer na sala de eventos do ISEP, no Edif\u00edcio A. \u00c9 uma sala com 395 metros quadrados, com climatiza\u00e7\u00e3o, sistema de ilumina\u00e7\u00e3o diversificado e rede de internet sem fios. A acredita\u00e7\u00e3o ser\u00e1 feita no secretariado que se encontra \u00e0 entrada da sala.<\/p>\n<p><a href=\"https:\/\/2013.porto.wordcamp.org\/files\/2013\/11\/sala-de-eventos.jpg\"><img loading=\"lazy\" decoding=\"async\" class=\"alignnone size-medium wp-image-461634\" alt=\"sala de eventos\" src=\"https:\/\/2013.porto.wordcamp.org\/files\/2013\/11\/sala-de-eventos-300x137.jpg\" width=\"300\" height=\"137\" srcset=\"https:\/\/porto.wordcamp.org\/2013\/files\/2013\/11\/sala-de-eventos-300x137.jpg 300w, https:\/\/porto.wordcamp.org\/2013\/files\/2013\/11\/sala-de-eventos.jpg 306w\" sizes=\"auto, (max-width: 300px) 100vw, 300px\" \/><\/a><\/p>\n<h2>Depois<\/h2>\n<p><strong>Partilha<\/strong><\/p>\n<p>Depois do evento, escreva um artigo no teu site ou blogue, divulga fotos e v\u00eddeos. Envia-nos os links para os destacarmos no site oficial do WordCamp.<\/p>\n<p>Diz-nos o que correu bem e mal, queremos fazer cada vez melhor e a tua ajuda \u00e9 importante. Queremos saber a opini\u00e3o de todos.<\/p>\n<p>Vamos enviar a todos os participantes um curto inqu\u00e9rito para o qual pedimos a tua colabora\u00e7\u00e3o.<\/p>\n<h2>Organiza\u00e7\u00e3o e <em>staff<\/em><\/h2>\n<p>A equipa da organiza\u00e7\u00e3o e do <em>staff<\/em>, volunt\u00e1rios que generosamente oferecem o seu tempo ao WordCamp, estar\u00e1 identificada com t-shirts de cor cinza e com um badge que os identificam.<\/p>\n<p><a href=\"https:\/\/2013.porto.wordcamp.org\/files\/2013\/11\/badge.jpg\"><img loading=\"lazy\" decoding=\"async\" class=\"alignnone size-medium wp-image-470623\" alt=\"badge\" src=\"https:\/\/2013.porto.wordcamp.org\/files\/2013\/11\/badge-210x300.jpg\" width=\"210\" height=\"300\" srcset=\"https:\/\/porto.wordcamp.org\/2013\/files\/2013\/11\/badge-210x300.jpg 210w, https:\/\/porto.wordcamp.org\/2013\/files\/2013\/11\/badge.jpg 640w\" sizes=\"auto, (max-width: 210px) 100vw, 210px\" \/><\/a><\/p>\n","protected":false},"excerpt":{"rendered":"<p>English version Queremos que seja o vosso WordCamp. Que possam desfrutar ao m\u00e1ximo de tudo aquilo que se passar no evento. Que aprendam, que ensinem, que inspirem e sejam inspirados, que deixem alguma algumas doses de criatividade e levem outras &hellip; <a href=\"https:\/\/porto.wordcamp.org\/2013\/guia-do-wordcamp\/\">Continuar a ler <span class=\"screen-reader-text\">Guia do WordCamp<\/span>  <span class=\"meta-nav\">&rarr;<\/span><\/a><\/p>\n","protected":false},"author":1034113,"featured_media":0,"parent":0,"menu_order":0,"comment_status":"closed","ping_status":"open","template":"","meta":{"_crdt_document":"","jetpack_post_was_ever_published":false,"footnotes":""},"class_list":["post-467978","page","type-page","status-publish","hentry"],"jetpack_sharing_enabled":true,"jetpack_shortlink":"https:\/\/wp.me\/P3pPTH-1XK2","_links":{"self":[{"href":"https:\/\/porto.wordcamp.org\/2013\/wp-json\/wp\/v2\/pages\/467978","targetHints":{"allow":["GET"]}}],"collection":[{"href":"https:\/\/porto.wordcamp.org\/2013\/wp-json\/wp\/v2\/pages"}],"about":[{"href":"https:\/\/porto.wordcamp.org\/2013\/wp-json\/wp\/v2\/types\/page"}],"author":[{"embeddable":true,"href":"https:\/\/porto.wordcamp.org\/2013\/wp-json\/wp\/v2\/users\/1034113"}],"replies":[{"embeddable":true,"href":"https:\/\/porto.wordcamp.org\/2013\/wp-json\/wp\/v2\/comments?post=467978"}],"version-history":[{"count":7,"href":"https:\/\/porto.wordcamp.org\/2013\/wp-json\/wp\/v2\/pages\/467978\/revisions"}],"predecessor-version":[{"id":470981,"href":"https:\/\/porto.wordcamp.org\/2013\/wp-json\/wp\/v2\/pages\/467978\/revisions\/470981"}],"wp:attachment":[{"href":"https:\/\/porto.wordcamp.org\/2013\/wp-json\/wp\/v2\/media?parent=467978"}],"curies":[{"name":"wp","href":"https:\/\/api.w.org\/{rel}","templated":true}]}}