{"id":68449,"date":"2013-07-20T16:14:11","date_gmt":"2013-07-20T15:14:11","guid":{"rendered":"https:\/\/2013.porto.wordcamp.org\/?page_id=68449"},"modified":"2013-07-25T13:47:40","modified_gmt":"2013-07-25T12:47:40","slug":"o-que-e-o-wordcamp","status":"publish","type":"page","link":"https:\/\/porto.wordcamp.org\/2013\/o-que-e-o-wordcamp\/","title":{"rendered":"O que \u00e9 o WordCamp"},"content":{"rendered":"<p>O WordCamp \u00e9 um evento informal, organizado pela comunidade local de utilizadores do WordPress, neste caso pela Comunidade Portuguesa de WordPress, com autoriza\u00e7\u00e3o da WordPress Foundation.<\/p>\n<p>\u00c9 uma iniciativa sem fins lucrativos em jeito de confer\u00eancia para troca de ideias, conhecimentos e debate. Ah, e socializa\u00e7\u00e3o ou, se preferir, obten\u00e7\u00e3o e troca de contactos.<\/p>\n<p>Se a palavra confer\u00eancia, semin\u00e1rio, col\u00f3quio ou outras semelhantes te causa algum arrepio, n\u00e3o estranhes. Tamb\u00e9m a n\u00f3s. Por isso, este \u00e9 acontecimento din\u00e2mico, interactivo, descontra\u00eddo e divertido.<\/p>\n<p>E n\u00e3o se pense que \u00e9 coisa reservada a um grupo de especialistas que v\u00e3o falar sobre c\u00f3digo. Nada disso, o WordCamp \u00e9 aberto a todos os interessados em WordPress, desde veteranos a iniciados, desde utilizadores experimentados a profissionais. Desde aqueles que querem apro\u00adfun\u00addar os seus con\u00adhec\u00adi\u00admen\u00adtos, como a novos uti\u00adlizadores que procuram desco\u00adbrir esta ferramenta.<\/p>\n<p>Afinal o WordPress alimenta muitos milh\u00f5es de websites em todo o mundo. E cada vez mais.<\/p>\n<p>H\u00e1 eventos WordCamp em diversos locais do mundo. Em Portugal foram realizados dois, em Lisboa, sendo este o primeiro no Porto. \u00a0E, claro, queremos fazer o melhor WordCamp de todos.<\/p>\n<h2>O que \u00e9 a WordPress Foundation?<\/h2>\n<p>\u00c9 uma organiza\u00e7\u00e3o sem fins lucrativos cuja miss\u00e3o central \u00e9 promover e dinamizar o projecto de democratiza\u00e7\u00e3o do WordPress enquanto sistema de c\u00f3digo aberto.<\/p>\n<h2>O que \u00e9 o WordPress?<\/h2>\n<p>WordPress \u00e9 um sistema de gest\u00e3o de conte\u00fados (CMS) para a cria\u00e7\u00e3o, edi\u00e7\u00e3o e desenvolvimento Web, distribu\u00eddo sob a GNU General PublicLicense, sendo o seu uso gratuito.<\/p>\n<p>Alimenta milh\u00f5es de websites em todo o mundo. Cerca de 54% de todos os sites existentes de que se conhece o seu CMS utilizam WordPress.<\/p>\n","protected":false},"excerpt":{"rendered":"<p>O WordCamp \u00e9 um evento informal, organizado pela comunidade local de utilizadores do WordPress, neste caso pela Comunidade Portuguesa de WordPress, com autoriza\u00e7\u00e3o da WordPress Foundation. \u00c9 uma iniciativa sem fins lucrativos em jeito de confer\u00eancia para troca de ideias, &hellip; <a href=\"https:\/\/porto.wordcamp.org\/2013\/o-que-e-o-wordcamp\/\">Continuar a ler <span class=\"screen-reader-text\">O que \u00e9 o WordCamp<\/span>  <span class=\"meta-nav\">&rarr;<\/span><\/a><\/p>\n","protected":false},"author":10386948,"featured_media":0,"parent":0,"menu_order":0,"comment_status":"closed","ping_status":"open","template":"","meta":{"_crdt_document":"","jetpack_post_was_ever_published":false,"footnotes":""},"class_list":["post-68449","page","type-page","status-publish","hentry"],"jetpack_sharing_enabled":true,"jetpack_shortlink":"https:\/\/wp.me\/P3pPTH-hO1","_links":{"self":[{"href":"https:\/\/porto.wordcamp.org\/2013\/wp-json\/wp\/v2\/pages\/68449","targetHints":{"allow":["GET"]}}],"collection":[{"href":"https:\/\/porto.wordcamp.org\/2013\/wp-json\/wp\/v2\/pages"}],"about":[{"href":"https:\/\/porto.wordcamp.org\/2013\/wp-json\/wp\/v2\/types\/page"}],"author":[{"embeddable":true,"href":"https:\/\/porto.wordcamp.org\/2013\/wp-json\/wp\/v2\/users\/10386948"}],"replies":[{"embeddable":true,"href":"https:\/\/porto.wordcamp.org\/2013\/wp-json\/wp\/v2\/comments?post=68449"}],"version-history":[{"count":5,"href":"https:\/\/porto.wordcamp.org\/2013\/wp-json\/wp\/v2\/pages\/68449\/revisions"}],"predecessor-version":[{"id":68462,"href":"https:\/\/porto.wordcamp.org\/2013\/wp-json\/wp\/v2\/pages\/68449\/revisions\/68462"}],"wp:attachment":[{"href":"https:\/\/porto.wordcamp.org\/2013\/wp-json\/wp\/v2\/media?parent=68449"}],"curies":[{"name":"wp","href":"https:\/\/api.w.org\/{rel}","templated":true}]}}